{"id":452,"date":"2021-03-20T17:20:22","date_gmt":"2021-03-20T16:20:22","guid":{"rendered":"https:\/\/parafiazalasowa.pl\/edk\/?page_id=452"},"modified":"2021-03-27T17:31:04","modified_gmt":"2021-03-27T16:31:04","slug":"stacja-2","status":"publish","type":"page","link":"https:\/\/parafiazalasowa.pl\/edk\/stacja-2\/","title":{"rendered":"Stacja 2"},"content":{"rendered":"\t\t<div data-elementor-type=\"wp-page\" data-elementor-id=\"452\" class=\"elementor elementor-452\">\n\t\t\t\t\t\t\t\t\t<section data-particle_enable=\"false\" data-particle-mobile-disabled=\"false\" class=\"elementor-section elementor-top-section elementor-element elementor-element-23efecf9 elementor-section-full_width animated-slow elementor-section-height-default elementor-section-height-default elementor-invisible\" data-id=\"23efecf9\" data-element_type=\"section\" data-settings=\"{&quot;background_background&quot;:&quot;classic&quot;,&quot;animation&quot;:&quot;zoomIn&quot;,&quot;animation_tablet&quot;:&quot;zoomIn&quot;,&quot;animation_mobile&quot;:&quot;fadeIn&quot;}\">\n\t\t\t\t\t\t<div class=\"elementor-container elementor-column-gap-default\">\n\t\t\t\t\t<div class=\"elementor-column elementor-col-100 elementor-top-column elementor-element elementor-element-4009c059\" data-id=\"4009c059\" data-element_type=\"column\">\n\t\t\t<div class=\"elementor-widget-wrap elementor-element-populated\">\n\t\t\t\t\t\t\t\t<div class=\"elementor-element elementor-element-a9e42fe elementor-widget elementor-widget-spacer\" data-id=\"a9e42fe\" data-element_type=\"widget\" data-widget_type=\"spacer.default\">\n\t\t\t\t<div class=\"elementor-widget-container\">\n\t\t\t\t\t<div class=\"elementor-spacer\">\n\t\t\t<div class=\"elementor-spacer-inner\"><\/div>\n\t\t<\/div>\n\t\t\t\t<\/div>\n\t\t\t\t<\/div>\n\t\t\t\t\t<\/div>\n\t\t<\/div>\n\t\t\t\t\t\t\t<\/div>\n\t\t<\/section>\n\t\t\t\t<section data-particle_enable=\"false\" data-particle-mobile-disabled=\"false\" class=\"elementor-section elementor-top-section elementor-element elementor-element-26f5da9 elementor-section-content-middle animated-slow elementor-section-boxed elementor-section-height-default elementor-section-height-default elementor-invisible\" data-id=\"26f5da9\" data-element_type=\"section\" data-settings=\"{&quot;animation&quot;:&quot;fadeIn&quot;}\">\n\t\t\t\t\t\t<div class=\"elementor-container elementor-column-gap-default\">\n\t\t\t\t\t<div class=\"elementor-column elementor-col-100 elementor-top-column elementor-element elementor-element-f1d1414\" data-id=\"f1d1414\" data-element_type=\"column\">\n\t\t\t<div class=\"elementor-widget-wrap elementor-element-populated\">\n\t\t\t\t\t\t\t\t<div class=\"elementor-element elementor-element-35b35ca elementor-widget elementor-widget-heading\" data-id=\"35b35ca\" data-element_type=\"widget\" data-widget_type=\"heading.default\">\n\t\t\t\t<div class=\"elementor-widget-container\">\n\t\t\t<h2 class=\"elementor-heading-title elementor-size-default\">Stacja II \u2013 Jezus przyjmuje krzy\u017c na swoje ramiona<\/h2>\t\t<\/div>\n\t\t\t\t<\/div>\n\t\t\t\t<section data-particle_enable=\"false\" data-particle-mobile-disabled=\"false\" class=\"elementor-section elementor-inner-section elementor-element elementor-element-d5be605 elementor-section-content-middle elementor-section-boxed elementor-section-height-default elementor-section-height-default\" data-id=\"d5be605\" data-element_type=\"section\">\n\t\t\t\t\t\t<div class=\"elementor-container elementor-column-gap-default\">\n\t\t\t\t\t<div class=\"elementor-column elementor-col-50 elementor-inner-column elementor-element elementor-element-5e8cb20\" data-id=\"5e8cb20\" data-element_type=\"column\" data-settings=\"{&quot;background_background&quot;:&quot;classic&quot;}\">\n\t\t\t<div class=\"elementor-widget-wrap elementor-element-populated\">\n\t\t\t\t\t\t\t\t<div class=\"elementor-element elementor-element-57c13bf elementor-widget elementor-widget-image\" data-id=\"57c13bf\" data-element_type=\"widget\" data-widget_type=\"image.default\">\n\t\t\t\t<div class=\"elementor-widget-container\">\n\t\t\t\t\t\t\t\t\t\t\t\t\t\t\t<img width=\"768\" height=\"1024\" src=\"https:\/\/parafiazalasowa.pl\/edk\/wp-content\/uploads\/2021\/03\/stacja-02.jpg\" class=\"elementor-animation-float attachment-large size-large\" alt=\"\" loading=\"lazy\" srcset=\"https:\/\/parafiazalasowa.pl\/edk\/wp-content\/uploads\/2021\/03\/stacja-02.jpg 768w, https:\/\/parafiazalasowa.pl\/edk\/wp-content\/uploads\/2021\/03\/stacja-02-270x360.jpg 270w\" sizes=\"(max-width: 768px) 100vw, 768px\" \/>\t\t\t\t\t\t\t\t\t\t\t\t\t\t\t<\/div>\n\t\t\t\t<\/div>\n\t\t\t\t\t<\/div>\n\t\t<\/div>\n\t\t\t\t<div class=\"elementor-column elementor-col-50 elementor-inner-column elementor-element elementor-element-f5da50b\" data-id=\"f5da50b\" data-element_type=\"column\">\n\t\t\t<div class=\"elementor-widget-wrap elementor-element-populated\">\n\t\t\t\t\t\t\t\t<div class=\"elementor-element elementor-element-10551826 elementor-widget elementor-widget-text-editor\" data-id=\"10551826\" data-element_type=\"widget\" data-widget_type=\"text-editor.default\">\n\t\t\t\t<div class=\"elementor-widget-container\">\n\t\t\t\t\t\t\t<p>Cho\u0107 w Ewangeliach nie zanotowano ani jednego s\u0142owa Twojego Opiekuna, Panie Jezu, \u015bw. J\u00f3zefa, to czy\u017c mo\u017cliwym jest, aby przez lata \u017cycia a zw\u0142aszcza wsp\u00f3lnej pracy, nie otworzy\u0142 przed Tob\u0105 tajnik\u00f3w swego m\u0119skiego i ojcowskiego serca, skoro znali je nawet Aposto\u0142owie?<\/p><p>Przyj\u0119cie krzy\u017ca przez Ciebie, zgoda na niego, dokona\u0142a si\u0119 ju\u017c podczas nocnej modlitwy w Ogr\u00f3jcu. Tam, zmagaj\u0105c si\u0119 ze s\u0142abo\u015bci\u0105 ludzkiej natury; z l\u0119kiem, ch\u0119ci\u0105 unikni\u0119cia cierpienia, do\u015bwiadczy\u0142e\u015b umacniaj\u0105cych nawiedzin anio\u0142a, kt\u00f3ry mo\u017ce te\u017c Tobie powiedzia\u0142: \u201enie b\u00f3j si\u0119 przyj\u0105\u0107\u201d, podobnie jak Twojemu Opiekunowi, J\u00f3zefowi, kiedy jego serce i umys\u0142 nie mog\u0142y poj\u0105\u0107 brzemienno\u015bci Twojej Matki, Maryi.<\/p><p>S\u0142owa anio\u0142a, jasne poznanie woli Bo\u017cej pomog\u0142o J\u00f3zefowi przyj\u0105\u0107 Maryj\u0119, sw\u0105 Ma\u0142\u017conk\u0119, z Tob\u0105, Zbawicielem, pocz\u0119tym pod Jej sercem. Teraz Ty, pocieszony i umocniony obecno\u015bci\u0105 anio\u0142a w straszn\u0105 noc Ogr\u00f3jca, przyjmujesz krzy\u017c, kt\u00f3ry jest nie tylko narz\u0119dziem m\u0119ki, ale staje si\u0119 znakiem zbawienia.<\/p>\t\t\t\t\t\t<\/div>\n\t\t\t\t<\/div>\n\t\t\t\t\t<\/div>\n\t\t<\/div>\n\t\t\t\t\t\t\t<\/div>\n\t\t<\/section>\n\t\t\t\t<div class=\"elementor-element elementor-element-d827126 elementor-widget elementor-widget-text-editor\" data-id=\"d827126\" data-element_type=\"widget\" data-widget_type=\"text-editor.default\">\n\t\t\t\t<div class=\"elementor-widget-container\">\n\t\t\t\t\t\t\t<p>U kogo ja szukam umocnienia, pocieszenia, gdy prze\u017cywam ciemne noce l\u0119ku i niepewno\u015bci o przysz\u0142o\u015b\u0107 swoj\u0105 i swoich bliskich?<\/p><p>Panie Jezu Chryste, wraz ze \u015bw. J\u00f3zefem, cz\u0142owiekiem najm\u0119\u017cniejszym, prosz\u0119 Ci\u0119 o prawdziwy pok\u00f3j serca.<\/p>\t\t\t\t\t\t<\/div>\n\t\t\t\t<\/div>\n\t\t\t\t\t<\/div>\n\t\t<\/div>\n\t\t\t\t\t\t\t<\/div>\n\t\t<\/section>\n\t\t\t\t<section data-particle_enable=\"false\" data-particle-mobile-disabled=\"false\" class=\"elementor-section elementor-top-section elementor-element elementor-element-9b2c166 animated-slow elementor-section-boxed elementor-section-height-default elementor-section-height-default elementor-invisible\" data-id=\"9b2c166\" data-element_type=\"section\" data-settings=\"{&quot;background_background&quot;:&quot;classic&quot;,&quot;animation&quot;:&quot;zoomIn&quot;}\">\n\t\t\t\t\t\t<div class=\"elementor-container elementor-column-gap-default\">\n\t\t\t\t\t<div class=\"elementor-column elementor-col-33 elementor-top-column elementor-element elementor-element-06514c4\" data-id=\"06514c4\" data-element_type=\"column\" data-settings=\"{&quot;background_background&quot;:&quot;classic&quot;}\">\n\t\t\t<div class=\"elementor-widget-wrap elementor-element-populated\">\n\t\t\t\t\t\t\t\t<div class=\"elementor-element elementor-element-ceb0199 elementor-align-center elementor-icon-list--layout-traditional elementor-list-item-link-full_width elementor-widget elementor-widget-icon-list\" data-id=\"ceb0199\" data-element_type=\"widget\" data-widget_type=\"icon-list.default\">\n\t\t\t\t<div class=\"elementor-widget-container\">\n\t\t\t\t\t<ul class=\"elementor-icon-list-items\">\n\t\t\t\t\t\t\t<li class=\"elementor-icon-list-item\">\n\t\t\t\t\t\t\t\t\t\t\t<a href=\"https:\/\/parafiazalasowa.pl\/edk\/stacja-1\/\">\n\n\t\t\t\t\t\t\t\t\t\t\t\t<span class=\"elementor-icon-list-icon\">\n\t\t\t\t\t\t\t<i aria-hidden=\"true\" class=\"far fa-arrow-alt-circle-left\"><\/i>\t\t\t\t\t\t<\/span>\n\t\t\t\t\t\t\t\t\t\t<span class=\"elementor-icon-list-text\">DO TY\u0141U<\/span>\n\t\t\t\t\t\t\t\t\t\t\t<\/a>\n\t\t\t\t\t\t\t\t\t<\/li>\n\t\t\t\t\t\t<\/ul>\n\t\t\t\t<\/div>\n\t\t\t\t<\/div>\n\t\t\t\t\t<\/div>\n\t\t<\/div>\n\t\t\t\t<div class=\"elementor-column elementor-col-33 elementor-top-column elementor-element elementor-element-1781fef\" data-id=\"1781fef\" data-element_type=\"column\" data-settings=\"{&quot;background_background&quot;:&quot;classic&quot;}\">\n\t\t\t<div class=\"elementor-widget-wrap elementor-element-populated\">\n\t\t\t\t\t\t\t\t<div class=\"elementor-element elementor-element-28e6598 elementor-align-center elementor-icon-list--layout-traditional elementor-list-item-link-full_width elementor-widget elementor-widget-icon-list\" data-id=\"28e6598\" data-element_type=\"widget\" data-widget_type=\"icon-list.default\">\n\t\t\t\t<div class=\"elementor-widget-container\">\n\t\t\t\t\t<ul class=\"elementor-icon-list-items\">\n\t\t\t\t\t\t\t<li class=\"elementor-icon-list-item\">\n\t\t\t\t\t\t\t\t\t\t\t<a href=\"https:\/\/parafiazalasowa.pl\/edk\/#stacje\">\n\n\t\t\t\t\t\t\t\t\t\t\t\t<span class=\"elementor-icon-list-icon\">\n\t\t\t\t\t\t\t<i aria-hidden=\"true\" class=\"far fa-arrow-alt-circle-down\"><\/i>\t\t\t\t\t\t<\/span>\n\t\t\t\t\t\t\t\t\t\t<span class=\"elementor-icon-list-text\">POWR\u00d3T<\/span>\n\t\t\t\t\t\t\t\t\t\t\t<\/a>\n\t\t\t\t\t\t\t\t\t<\/li>\n\t\t\t\t\t\t<\/ul>\n\t\t\t\t<\/div>\n\t\t\t\t<\/div>\n\t\t\t\t\t<\/div>\n\t\t<\/div>\n\t\t\t\t<div class=\"elementor-column elementor-col-33 elementor-top-column elementor-element elementor-element-305d0bf\" data-id=\"305d0bf\" data-element_type=\"column\" data-settings=\"{&quot;background_background&quot;:&quot;classic&quot;}\">\n\t\t\t<div class=\"elementor-widget-wrap elementor-element-populated\">\n\t\t\t\t\t\t\t\t<div class=\"elementor-element elementor-element-b05ca9a elementor-align-center elementor-icon-list--layout-traditional elementor-list-item-link-full_width elementor-widget elementor-widget-icon-list\" data-id=\"b05ca9a\" data-element_type=\"widget\" data-widget_type=\"icon-list.default\">\n\t\t\t\t<div class=\"elementor-widget-container\">\n\t\t\t\t\t<ul class=\"elementor-icon-list-items\">\n\t\t\t\t\t\t\t<li class=\"elementor-icon-list-item\">\n\t\t\t\t\t\t\t\t\t\t\t<a href=\"https:\/\/parafiazalasowa.pl\/edk\/stacja-3\/\">\n\n\t\t\t\t\t\t\t\t\t\t\t\t<span class=\"elementor-icon-list-icon\">\n\t\t\t\t\t\t\t<i aria-hidden=\"true\" class=\"far fa-arrow-alt-circle-right\"><\/i>\t\t\t\t\t\t<\/span>\n\t\t\t\t\t\t\t\t\t\t<span class=\"elementor-icon-list-text\">DO PRZODU<\/span>\n\t\t\t\t\t\t\t\t\t\t\t<\/a>\n\t\t\t\t\t\t\t\t\t<\/li>\n\t\t\t\t\t\t<\/ul>\n\t\t\t\t<\/div>\n\t\t\t\t<\/div>\n\t\t\t\t\t<\/div>\n\t\t<\/div>\n\t\t\t\t\t\t\t<\/div>\n\t\t<\/section>\n\t\t\t\t\t\t\t<\/div>\n\t\t","protected":false},"excerpt":{"rendered":"<p>Stacja II \u2013 Jezus przyjmuje krzy\u017c na swoje ramiona Cho\u0107 w Ewangeliach nie zanotowano ani jednego s\u0142owa Twojego Opiekuna, Panie Jezu, \u015bw. J\u00f3zefa, to czy\u017c mo\u017cliwym jest, aby przez lata \u017cycia a zw\u0142aszcza wsp\u00f3lnej pracy, nie otworzy\u0142 przed Tob\u0105 tajnik\u00f3w swego m\u0119skiego i ojcowskiego serca, skoro znali je nawet Aposto\u0142owie? Przyj\u0119cie krzy\u017ca przez Ciebie, zgoda [&hellip;]<\/p>\n","protected":false},"author":1,"featured_media":0,"parent":0,"menu_order":12,"comment_status":"closed","ping_status":"closed","template":"templates\/landing.php","meta":[],"_links":{"self":[{"href":"https:\/\/parafiazalasowa.pl\/edk\/wp-json\/wp\/v2\/pages\/452"}],"collection":[{"href":"https:\/\/parafiazalasowa.pl\/edk\/wp-json\/wp\/v2\/pages"}],"about":[{"href":"https:\/\/parafiazalasowa.pl\/edk\/wp-json\/wp\/v2\/types\/page"}],"author":[{"embeddable":true,"href":"https:\/\/parafiazalasowa.pl\/edk\/wp-json\/wp\/v2\/users\/1"}],"replies":[{"embeddable":true,"href":"https:\/\/parafiazalasowa.pl\/edk\/wp-json\/wp\/v2\/comments?post=452"}],"version-history":[{"count":19,"href":"https:\/\/parafiazalasowa.pl\/edk\/wp-json\/wp\/v2\/pages\/452\/revisions"}],"predecessor-version":[{"id":676,"href":"https:\/\/parafiazalasowa.pl\/edk\/wp-json\/wp\/v2\/pages\/452\/revisions\/676"}],"wp:attachment":[{"href":"https:\/\/parafiazalasowa.pl\/edk\/wp-json\/wp\/v2\/media?parent=452"}],"curies":[{"name":"wp","href":"https:\/\/api.w.org\/{rel}","templated":true}]}}