{"id":496,"date":"2021-03-20T17:56:56","date_gmt":"2021-03-20T16:56:56","guid":{"rendered":"https:\/\/parafiazalasowa.pl\/edk\/?page_id=496"},"modified":"2021-03-27T17:40:56","modified_gmt":"2021-03-27T16:40:56","slug":"stacja-6","status":"publish","type":"page","link":"https:\/\/parafiazalasowa.pl\/edk\/stacja-6\/","title":{"rendered":"Stacja 6"},"content":{"rendered":"\t\t<div data-elementor-type=\"wp-page\" data-elementor-id=\"496\" class=\"elementor elementor-496\">\n\t\t\t\t\t\t\t\t\t<section data-particle_enable=\"false\" data-particle-mobile-disabled=\"false\" class=\"elementor-section elementor-top-section elementor-element elementor-element-23efecf9 elementor-section-full_width animated-slow elementor-section-height-default elementor-section-height-default elementor-invisible\" data-id=\"23efecf9\" data-element_type=\"section\" data-settings=\"{&quot;background_background&quot;:&quot;classic&quot;,&quot;animation&quot;:&quot;zoomIn&quot;,&quot;animation_tablet&quot;:&quot;zoomIn&quot;,&quot;animation_mobile&quot;:&quot;fadeIn&quot;}\">\n\t\t\t\t\t\t<div class=\"elementor-container elementor-column-gap-default\">\n\t\t\t\t\t<div class=\"elementor-column elementor-col-100 elementor-top-column elementor-element elementor-element-4009c059\" data-id=\"4009c059\" data-element_type=\"column\">\n\t\t\t<div class=\"elementor-widget-wrap elementor-element-populated\">\n\t\t\t\t\t\t\t\t<div class=\"elementor-element elementor-element-a9e42fe elementor-widget elementor-widget-spacer\" data-id=\"a9e42fe\" data-element_type=\"widget\" data-widget_type=\"spacer.default\">\n\t\t\t\t<div class=\"elementor-widget-container\">\n\t\t\t\t\t<div class=\"elementor-spacer\">\n\t\t\t<div class=\"elementor-spacer-inner\"><\/div>\n\t\t<\/div>\n\t\t\t\t<\/div>\n\t\t\t\t<\/div>\n\t\t\t\t\t<\/div>\n\t\t<\/div>\n\t\t\t\t\t\t\t<\/div>\n\t\t<\/section>\n\t\t\t\t<section data-particle_enable=\"false\" data-particle-mobile-disabled=\"false\" class=\"elementor-section elementor-top-section elementor-element elementor-element-26f5da9 elementor-section-content-middle animated-slow elementor-section-boxed elementor-section-height-default elementor-section-height-default elementor-invisible\" data-id=\"26f5da9\" data-element_type=\"section\" data-settings=\"{&quot;animation&quot;:&quot;fadeIn&quot;}\">\n\t\t\t\t\t\t<div class=\"elementor-container elementor-column-gap-default\">\n\t\t\t\t\t<div class=\"elementor-column elementor-col-100 elementor-top-column elementor-element elementor-element-f1d1414\" data-id=\"f1d1414\" data-element_type=\"column\">\n\t\t\t<div class=\"elementor-widget-wrap elementor-element-populated\">\n\t\t\t\t\t\t\t\t<div class=\"elementor-element elementor-element-35b35ca elementor-widget elementor-widget-heading\" data-id=\"35b35ca\" data-element_type=\"widget\" data-widget_type=\"heading.default\">\n\t\t\t\t<div class=\"elementor-widget-container\">\n\t\t\t<h2 class=\"elementor-heading-title elementor-size-default\">Stacja VI \u2013 Weronika ociera twarz Pana Jezusa<\/h2>\t\t<\/div>\n\t\t\t\t<\/div>\n\t\t\t\t<section data-particle_enable=\"false\" data-particle-mobile-disabled=\"false\" class=\"elementor-section elementor-inner-section elementor-element elementor-element-d5be605 elementor-section-content-middle elementor-section-boxed elementor-section-height-default elementor-section-height-default\" data-id=\"d5be605\" data-element_type=\"section\">\n\t\t\t\t\t\t<div class=\"elementor-container elementor-column-gap-default\">\n\t\t\t\t\t<div class=\"elementor-column elementor-col-50 elementor-inner-column elementor-element elementor-element-5e8cb20\" data-id=\"5e8cb20\" data-element_type=\"column\" data-settings=\"{&quot;background_background&quot;:&quot;classic&quot;}\">\n\t\t\t<div class=\"elementor-widget-wrap elementor-element-populated\">\n\t\t\t\t\t\t\t\t<div class=\"elementor-element elementor-element-57c13bf elementor-widget elementor-widget-image\" data-id=\"57c13bf\" data-element_type=\"widget\" data-widget_type=\"image.default\">\n\t\t\t\t<div class=\"elementor-widget-container\">\n\t\t\t\t\t\t\t\t\t\t\t\t\t\t\t<img width=\"768\" height=\"1024\" src=\"https:\/\/parafiazalasowa.pl\/edk\/wp-content\/uploads\/2021\/03\/stacja-06.jpg\" class=\"elementor-animation-float attachment-large size-large\" alt=\"\" loading=\"lazy\" srcset=\"https:\/\/parafiazalasowa.pl\/edk\/wp-content\/uploads\/2021\/03\/stacja-06.jpg 768w, https:\/\/parafiazalasowa.pl\/edk\/wp-content\/uploads\/2021\/03\/stacja-06-270x360.jpg 270w\" sizes=\"(max-width: 768px) 100vw, 768px\" \/>\t\t\t\t\t\t\t\t\t\t\t\t\t\t\t<\/div>\n\t\t\t\t<\/div>\n\t\t\t\t\t<\/div>\n\t\t<\/div>\n\t\t\t\t<div class=\"elementor-column elementor-col-50 elementor-inner-column elementor-element elementor-element-f5da50b\" data-id=\"f5da50b\" data-element_type=\"column\">\n\t\t\t<div class=\"elementor-widget-wrap elementor-element-populated\">\n\t\t\t\t\t\t\t\t<div class=\"elementor-element elementor-element-10551826 elementor-widget elementor-widget-text-editor\" data-id=\"10551826\" data-element_type=\"widget\" data-widget_type=\"text-editor.default\">\n\t\t\t\t<div class=\"elementor-widget-container\">\n\t\t\t\t\t\t\t<p>Kim by\u0142a Weronika, niewiasta niewspomniana przez Ewangelist\u00f3w a tak mocno wpisana w Tradycj\u0119 Ko\u015bcio\u0142a?<\/p><p>Ewangeli\u015bci opisuj\u0105 wiele Twoich spotka\u0144, Panie Jezu, z kobietami. Zasadniczo wszystkie one s\u0105 pochwa\u0142\u0105 niewiast, podkre\u015bleniem ich wiary, oddania.<\/p><p>Czy Weronika, niewiasta u ko\u0144ca Twojej ziemskiej drogi, nie jest kontynuacj\u0105 pie\u015bni na cze\u015b\u0107 m\u0119\u017cnej niewiasty poprzez opis prorokini Anny, kt\u00f3r\u0105 Maryja z J\u00f3zefem spotykaj\u0105 w \u015bwi\u0105tyni Jerozolimskiej, Syrefenicjanki, kt\u00f3rej wiara tak bardzo Ci\u0119 uj\u0119\u0142a, Samarytanki, kt\u00f3ra ca\u0142e \u017cycie szuka\u0142a mi\u0142o\u015bci a\u017c w Tobie odkry\u0142a jej \u017ar\u00f3d\u0142o, Marii Magdaleny, Marii i Marty, i wielu, wielu innych?<\/p><p>Zapatrzony w swojego Opiekuna J\u00f3zefa i Jego pe\u0142n\u0105 szacunku mi\u0142o\u015b\u0107 do Maryi, Twojej Matki, wiedzia\u0142e\u015b jak podkre\u015bli\u0107 wielko\u015b\u0107 i godno\u015b\u0107 kobiety. Czasem potrzebne by\u0142o s\u0142owo, czasem cud, innym razem przebaczenie, d\u0142u\u017csza rozmowa albo ofiarowanie odbicia Twojej \u015bwi\u0119tej Twarzy, jak na chu\u015bcie Weroniki.<\/p>\t\t\t\t\t\t<\/div>\n\t\t\t\t<\/div>\n\t\t\t\t\t<\/div>\n\t\t<\/div>\n\t\t\t\t\t\t\t<\/div>\n\t\t<\/section>\n\t\t\t\t<div class=\"elementor-element elementor-element-d827126 elementor-widget elementor-widget-text-editor\" data-id=\"d827126\" data-element_type=\"widget\" data-widget_type=\"text-editor.default\">\n\t\t\t\t<div class=\"elementor-widget-container\">\n\t\t\t\t\t\t\t<p>Jakie s\u0105 moje relacje z innymi? Czy umiem dostrzec i podkre\u015bli\u0107 pi\u0119kno i dobro drugiego cz\u0142owieka?<\/p><p>Panie Jezu Chryste, wraz ze \u015bw. J\u00f3zefem, Opiekunem dziewic, prosz\u0119 Ci\u0119 o \u0142ask\u0119 poszanowania ka\u017cdego cz\u0142owieka.<\/p>\t\t\t\t\t\t<\/div>\n\t\t\t\t<\/div>\n\t\t\t\t\t<\/div>\n\t\t<\/div>\n\t\t\t\t\t\t\t<\/div>\n\t\t<\/section>\n\t\t\t\t<section data-particle_enable=\"false\" data-particle-mobile-disabled=\"false\" class=\"elementor-section elementor-top-section elementor-element elementor-element-9b2c166 animated-slow elementor-section-boxed elementor-section-height-default elementor-section-height-default elementor-invisible\" data-id=\"9b2c166\" data-element_type=\"section\" data-settings=\"{&quot;background_background&quot;:&quot;classic&quot;,&quot;animation&quot;:&quot;zoomIn&quot;}\">\n\t\t\t\t\t\t<div class=\"elementor-container elementor-column-gap-default\">\n\t\t\t\t\t<div class=\"elementor-column elementor-col-33 elementor-top-column elementor-element elementor-element-06514c4\" data-id=\"06514c4\" data-element_type=\"column\" data-settings=\"{&quot;background_background&quot;:&quot;classic&quot;}\">\n\t\t\t<div class=\"elementor-widget-wrap elementor-element-populated\">\n\t\t\t\t\t\t\t\t<div class=\"elementor-element elementor-element-ceb0199 elementor-align-center elementor-icon-list--layout-traditional elementor-list-item-link-full_width elementor-widget elementor-widget-icon-list\" data-id=\"ceb0199\" data-element_type=\"widget\" data-widget_type=\"icon-list.default\">\n\t\t\t\t<div class=\"elementor-widget-container\">\n\t\t\t\t\t<ul class=\"elementor-icon-list-items\">\n\t\t\t\t\t\t\t<li class=\"elementor-icon-list-item\">\n\t\t\t\t\t\t\t\t\t\t\t<a href=\"https:\/\/parafiazalasowa.pl\/edk\/stacja-5\/\">\n\n\t\t\t\t\t\t\t\t\t\t\t\t<span class=\"elementor-icon-list-icon\">\n\t\t\t\t\t\t\t<i aria-hidden=\"true\" class=\"far fa-arrow-alt-circle-left\"><\/i>\t\t\t\t\t\t<\/span>\n\t\t\t\t\t\t\t\t\t\t<span class=\"elementor-icon-list-text\">DO TY\u0141U<\/span>\n\t\t\t\t\t\t\t\t\t\t\t<\/a>\n\t\t\t\t\t\t\t\t\t<\/li>\n\t\t\t\t\t\t<\/ul>\n\t\t\t\t<\/div>\n\t\t\t\t<\/div>\n\t\t\t\t\t<\/div>\n\t\t<\/div>\n\t\t\t\t<div class=\"elementor-column elementor-col-33 elementor-top-column elementor-element elementor-element-1781fef\" data-id=\"1781fef\" data-element_type=\"column\" data-settings=\"{&quot;background_background&quot;:&quot;classic&quot;}\">\n\t\t\t<div class=\"elementor-widget-wrap elementor-element-populated\">\n\t\t\t\t\t\t\t\t<div class=\"elementor-element elementor-element-28e6598 elementor-align-center elementor-icon-list--layout-traditional elementor-list-item-link-full_width elementor-widget elementor-widget-icon-list\" data-id=\"28e6598\" data-element_type=\"widget\" data-widget_type=\"icon-list.default\">\n\t\t\t\t<div class=\"elementor-widget-container\">\n\t\t\t\t\t<ul class=\"elementor-icon-list-items\">\n\t\t\t\t\t\t\t<li class=\"elementor-icon-list-item\">\n\t\t\t\t\t\t\t\t\t\t\t<a href=\"https:\/\/parafiazalasowa.pl\/edk\/#stacje\">\n\n\t\t\t\t\t\t\t\t\t\t\t\t<span class=\"elementor-icon-list-icon\">\n\t\t\t\t\t\t\t<i aria-hidden=\"true\" class=\"far fa-arrow-alt-circle-down\"><\/i>\t\t\t\t\t\t<\/span>\n\t\t\t\t\t\t\t\t\t\t<span class=\"elementor-icon-list-text\">POWR\u00d3T<\/span>\n\t\t\t\t\t\t\t\t\t\t\t<\/a>\n\t\t\t\t\t\t\t\t\t<\/li>\n\t\t\t\t\t\t<\/ul>\n\t\t\t\t<\/div>\n\t\t\t\t<\/div>\n\t\t\t\t\t<\/div>\n\t\t<\/div>\n\t\t\t\t<div class=\"elementor-column elementor-col-33 elementor-top-column elementor-element elementor-element-305d0bf\" data-id=\"305d0bf\" data-element_type=\"column\" data-settings=\"{&quot;background_background&quot;:&quot;classic&quot;}\">\n\t\t\t<div class=\"elementor-widget-wrap elementor-element-populated\">\n\t\t\t\t\t\t\t\t<div class=\"elementor-element elementor-element-b05ca9a elementor-align-center elementor-icon-list--layout-traditional elementor-list-item-link-full_width elementor-widget elementor-widget-icon-list\" data-id=\"b05ca9a\" data-element_type=\"widget\" data-widget_type=\"icon-list.default\">\n\t\t\t\t<div class=\"elementor-widget-container\">\n\t\t\t\t\t<ul class=\"elementor-icon-list-items\">\n\t\t\t\t\t\t\t<li class=\"elementor-icon-list-item\">\n\t\t\t\t\t\t\t\t\t\t\t<a href=\"https:\/\/parafiazalasowa.pl\/edk\/stacja-7\/\">\n\n\t\t\t\t\t\t\t\t\t\t\t\t<span class=\"elementor-icon-list-icon\">\n\t\t\t\t\t\t\t<i aria-hidden=\"true\" class=\"far fa-arrow-alt-circle-right\"><\/i>\t\t\t\t\t\t<\/span>\n\t\t\t\t\t\t\t\t\t\t<span class=\"elementor-icon-list-text\">DO PRZODU<\/span>\n\t\t\t\t\t\t\t\t\t\t\t<\/a>\n\t\t\t\t\t\t\t\t\t<\/li>\n\t\t\t\t\t\t<\/ul>\n\t\t\t\t<\/div>\n\t\t\t\t<\/div>\n\t\t\t\t\t<\/div>\n\t\t<\/div>\n\t\t\t\t\t\t\t<\/div>\n\t\t<\/section>\n\t\t\t\t\t\t\t<\/div>\n\t\t","protected":false},"excerpt":{"rendered":"<p>Stacja VI \u2013 Weronika ociera twarz Pana Jezusa Kim by\u0142a Weronika, niewiasta niewspomniana przez Ewangelist\u00f3w a tak mocno wpisana w Tradycj\u0119 Ko\u015bcio\u0142a? Ewangeli\u015bci opisuj\u0105 wiele Twoich spotka\u0144, Panie Jezu, z kobietami. Zasadniczo wszystkie one s\u0105 pochwa\u0142\u0105 niewiast, podkre\u015bleniem ich wiary, oddania. Czy Weronika, niewiasta u ko\u0144ca Twojej ziemskiej drogi, nie jest kontynuacj\u0105 pie\u015bni na cze\u015b\u0107 [&hellip;]<\/p>\n","protected":false},"author":1,"featured_media":0,"parent":0,"menu_order":16,"comment_status":"closed","ping_status":"closed","template":"templates\/landing.php","meta":[],"_links":{"self":[{"href":"https:\/\/parafiazalasowa.pl\/edk\/wp-json\/wp\/v2\/pages\/496"}],"collection":[{"href":"https:\/\/parafiazalasowa.pl\/edk\/wp-json\/wp\/v2\/pages"}],"about":[{"href":"https:\/\/parafiazalasowa.pl\/edk\/wp-json\/wp\/v2\/types\/page"}],"author":[{"embeddable":true,"href":"https:\/\/parafiazalasowa.pl\/edk\/wp-json\/wp\/v2\/users\/1"}],"replies":[{"embeddable":true,"href":"https:\/\/parafiazalasowa.pl\/edk\/wp-json\/wp\/v2\/comments?post=496"}],"version-history":[{"count":13,"href":"https:\/\/parafiazalasowa.pl\/edk\/wp-json\/wp\/v2\/pages\/496\/revisions"}],"predecessor-version":[{"id":700,"href":"https:\/\/parafiazalasowa.pl\/edk\/wp-json\/wp\/v2\/pages\/496\/revisions\/700"}],"wp:attachment":[{"href":"https:\/\/parafiazalasowa.pl\/edk\/wp-json\/wp\/v2\/media?parent=496"}],"curies":[{"name":"wp","href":"https:\/\/api.w.org\/{rel}","templated":true}]}}